{"id":1974,"date":"2016-05-26T08:57:49","date_gmt":"2016-05-26T08:57:49","guid":{"rendered":"http:\/\/wp.magnium-themes.com\/thebuilt\/thebuilt-1\/?page_id=1974"},"modified":"2024-07-31T16:28:11","modified_gmt":"2024-07-31T16:28:11","slug":"vida-en-abitat","status":"publish","type":"page","link":"https:\/\/abitat.com.mx\/2022\/vida-en-abitat\/","title":{"rendered":"Vida en abitat"},"content":{"rendered":"<p>[vc_row][vc_column css_animation=&#8221;fadeInUp&#8221;][vc_column_text]<\/p>\n<p style=\"text-align: justify;\">Creemos en las ventajas de tener un ambiente laboral de calidad, no solo afecta en la productividad si no que crea colaboradores satisfechos.<br \/>\nAdem\u00e1s estamos comprometidos con el desarrollo de las competencias y habilidades de todos nuestros colaboradores.[\/vc_column_text][vc_btn title=&#8221;\u00a1\u00danete a nuestro equipo!&#8221; style=&#8221;custom&#8221; custom_background=&#8221;#aa2131&#8243; custom_text=&#8221;#ffffff&#8221; size=&#8221;lg&#8221; align=&#8221;right&#8221; i_icon_fontawesome=&#8221;fas fa-users&#8221; css_animation=&#8221;fadeIn&#8221; add_icon=&#8221;true&#8221; link=&#8221;url:https%3A%2F%2Fabitat.com.mx%2F2022%2Fbolsa-de-trabajo%2F|title:Bolsa%20de%20Trabajo&#8221;][\/vc_column][\/vc_row][vc_row][vc_column css_animation=&#8221;fadeInUp&#8221;][vc_column_text]<\/p>\n<h1 style=\"text-align: center;\"><strong><span style=\"color: #ac162c; font-size: 45px;\">Desarrollo profesional<\/span><\/strong><\/h1>\n<p>[\/vc_column_text][vc_tta_tour style=&#8221;modern&#8221; active_section=&#8221;1&#8243;][vc_tta_section title=&#8221;PLAN DE DESARROLLO PROFESIONAL&#8221; tab_id=&#8221;1645812701536-23dc2ef7-c740&#8243;][vc_column_text]Con tu PDP defines tu propio desarrollo profesional en la organizaci\u00f3n a trav\u00e9s de la planificaci\u00f3n estrat\u00e9gica de objetivos y metas acordes a tus necesidades de formaci\u00f3n y crecimiento.<\/p>\n<p>Cada a\u00f1o se trabaja un plan de acci\u00f3n donde se incluyen los elementos necesarios de desarrollo y crecimiento:<br \/>\n1. Establece tus metas a corto y mediano plazo;<br \/>\n2. Identifica tus habilidades y necesidades;<br \/>\n3. Define un plan de capacitaci\u00f3n;<br \/>\n4. Realiza el seguimiento de tu plan.<\/p>\n<p>Cada colaborador define su Plan de Desarrollo Profesional y junto con su l\u00edder se da seguimiento y retroalimentaci\u00f3n peri\u00f3dicamente.[\/vc_column_text][\/vc_tta_section][vc_tta_section title=&#8221;UNIVERSIDAD ABITAT VIRUAL&#8221; tab_id=&#8221;1645812701619-8dd2d40c-8817&#8243;][vc_column_text]Acompa\u00f1amos tu formaci\u00f3n y desarrollo profesional desde la Universidad Abitat Virtual con contenidos propios desarrollados por expertos en temas de administraci\u00f3n, gesti\u00f3n, construcci\u00f3n y valores institucionales.<\/p>\n<p>Contamos con distintos tipos de contenidos, c\u00f3mo:<\/p>\n<ol>\n<li style=\"list-style-type: none;\">\n<ol>\n<li>Cursos de duraci\u00f3n mensual<\/li>\n<li>C\u00e1psulas de microlearning<\/li>\n<li>Seminarios virtuales internos y externos<\/li>\n<li>Biblioteca<\/li>\n<\/ol>\n<\/li>\n<\/ol>\n<p>[\/vc_column_text][\/vc_tta_section][vc_tta_section title=&#8221;EVALUACI\u00d3N DE DESEMPE\u00d1O&#8221; tab_id=&#8221;1645812917086-9087782f-cd42&#8243;][vc_column_text]Cada a\u00f1o se lleva a cabo un proceso de medici\u00f3n de desempe\u00f1o individual para identificar \u00e1reas de oportunidad y promover el desarrollo de manera estrat\u00e9gica.<\/p>\n<p>En las Evaluaciones de Desempe\u00f1o se eval\u00faa al colaborador de parte del l\u00edder directo en:<strong>\u00a0<\/strong><\/p>\n<ol>\n<li style=\"list-style-type: none;\">\n<ol>\n<li>Apego a los valores institucionales<\/li>\n<li>Competencias ejecutivas<\/li>\n<li>Competencias por proceso<\/li>\n<\/ol>\n<\/li>\n<\/ol>\n<p>&nbsp;<\/p>\n<p>Esta evaluaci\u00f3n se complementa con la retroalimentaci\u00f3n del l\u00edder directo para identificar las \u00e1reas en que trabajar para promover el desarrollo profesional.[\/vc_column_text][\/vc_tta_section][vc_tta_section title=&#8221;EVALUACI\u00d3N 360\u00b0&#8221; tab_id=&#8221;1645812987293-5e0f05af-9368&#8243;][vc_column_text]Con las evaluaciones de 360\u00b0 se conoce la percepci\u00f3n que tienen los colaboradores a nuestro alrededor respecto a nuestras competencias y forma en la que se ponen en pr\u00e1ctica cada d\u00eda.<\/p>\n<p>Por medio de una plataforma y de manera an\u00f3nima se lleva a cabo la medici\u00f3n participando:<strong>\u00a0<\/strong><\/p>\n<ol>\n<li style=\"list-style-type: none;\">\n<ol>\n<li>L\u00edder inmediato<\/li>\n<li>Compa\u00f1eros o colaterales<\/li>\n<li>Colaboradores o trabajadores asignados<\/li>\n<li>Clientes del departamento o \u00e1rea<\/li>\n<li>Autoevaluaci\u00f3n del propio colaborador.<\/li>\n<\/ol>\n<\/li>\n<\/ol>\n<p>[\/vc_column_text][\/vc_tta_section][vc_tta_section title=&#8221;ONBOARDING&#8221; tab_id=&#8221;1645813079685-ea74d787-e057&#8243;][vc_column_text]Si\u00e9ntete acompa\u00f1ado durante tu proceso de integraci\u00f3n a las actividades profesionales tanto por tu equipo de trabajo como el soporte de Capital Humano.<strong>\u00a0<\/strong><\/p>\n<p>A trav\u00e9s de la agenda <em>onboarding<\/em> y la universidad corporativa se desarrolla un proceso integral que permite el acompa\u00f1amiento en diferentes momentos:<\/p>\n<ol>\n<li>Pre-inducci\u00f3n previo al ingreso del colaborador<\/li>\n<li>Durante las primeras semanas del ingreso a la organizaci\u00f3n<\/li>\n<li>Seguimiento meses despu\u00e9s<\/li>\n<\/ol>\n<p>Con el programa de onboarding se tiene el objetivo de procurar un ingreso informado sobre la organizaci\u00f3n, su cultura y pol\u00edticas; facilitar la integraci\u00f3n a las actividades profesionales; valoraci\u00f3n sobre la integraci\u00f3n en la empresa y adecuar los planes de aprendizaje.[\/vc_column_text][\/vc_tta_section][\/vc_tta_tour][\/vc_column][\/vc_row][vc_row css_animation=&#8221;none&#8221; css=&#8221;.vc_custom_1637868997407{background-image: url(https:\/\/abitat.com.mx\/2022\/wp-content\/uploads\/2021\/10\/pixel-grid.png?id=2986) !important;background-position: 0 0 !important;background-repeat: repeat !important;}&#8221;][vc_column css_animation=&#8221;fadeInUp&#8221;][vc_column_text]<\/p>\n<h1 style=\"text-align: center;\"><strong><span style=\"color: #aa202f; font-size: 45px;\">Prestaciones y beneficios<\/span><\/strong><\/h1>\n<p>[\/vc_column_text][vc_tta_tour style=&#8221;modern&#8221; active_section=&#8221;1&#8243;][vc_tta_section title=&#8221;PRESTACIONES Y BENEFICIOS&#8221; tab_id=&#8221;1639762974817-1771a5e3-83d3&#8243;][vc_column_text]Nuestros colaboradores cuentan con una serie servicios que complementan y mejoran calidad de vida durante su trabajo en Abitat.<\/p>\n<p>Algunos de los beneficios y prestaciones que se tienen son:<br \/>\n\u25aa Seguro de gastos m\u00e9dicos mayores<br \/>\n\u25aa Seguro de gastos m\u00e9dicos menores personal de Chihuahua<br \/>\n\u25aa Prima vacacional y aguinaldo superior a la ley conforme a la antig\u00fcedad<br \/>\n\u25aa Beneficios al personal for\u00e1neo<br \/>\n\u25aa Compensaci\u00f3n Variable por objetivos<br \/>\n\u25aa Compensaci\u00f3n por t\u00e9rmino de proyectos de construcci\u00f3n<br \/>\n\u25aa Caja de ahorro<br \/>\n\u25aa Examen m\u00e9dico anual[\/vc_column_text][\/vc_tta_section][vc_tta_section title=&#8221;SALARIO EMOCIONAL&#8221; tab_id=&#8221;1639762974861-e9e7d663-bb97&#8243;][vc_column_text]El personal colaborador tambi\u00e9n cuenta con una serie de retribuciones adicionales, no monetarias, que mejoran su bienestar.<\/p>\n<p>Algunos de los beneficios y prestaciones que se tienen son:<br \/>\n\u25aa Convenios con diferentes empresas: asesor\u00eda con agencia de viajes, hoteles en toda la rep\u00fablica, maestr\u00edas y educaci\u00f3n continua, entre otros<br \/>\n\u25aa D\u00eda libre por cumplea\u00f1os<br \/>\n\u25aa Universidad Abitat Virtual que incluye capacitaciones en competencias y habilidades t\u00e9cnicas<br \/>\n\u25aa Plan Desarrollo Profesional<br \/>\n\u25aa Prevenci\u00f3n de riesgos psicosociales y entorno organizacional favorable[\/vc_column_text][\/vc_tta_section][\/vc_tta_tour][\/vc_column][\/vc_row][vc_row][vc_column][vc_empty_space][\/vc_column][\/vc_row][vc_row full_width=&#8221;stretch_row&#8221; css=&#8221;.vc_custom_1639765486105{padding-top: 30px !important;padding-bottom: 30px !important;background: #4b5056 url(https:\/\/abitat.com.mx\/2022\/wp-content\/uploads\/2021\/10\/pixel-grid.png?id=2986) !important;background-position: 0 0 !important;background-repeat: repeat !important;}&#8221;][vc_column css_animation=&#8221;fadeInUp&#8221; width=&#8221;1\/3&#8243;][vc_column_text]<\/p>\n<h1><span style=\"color: #ffffff;\"><strong><span style=\"font-size: 45px;\">Empresa socialmente responsable<\/span><\/strong><\/span><\/h1>\n<p>[\/vc_column_text][\/vc_column][vc_column css_animation=&#8221;fadeInUp&#8221; width=&#8221;2\/3&#8243;][vc_column_text css_animation=&#8221;slideInRight&#8221; el_class=&#8221;textjust textjustw&#8221;]Compartimos con orgullo ser reconocidos como Empresa Socialmente Responsable durante 12 a\u00f1os, contribuyendo de manera activa y voluntaria al mejoramiento social, econ\u00f3mico y ambiental del pa\u00eds por medio de actividades que demuestran respeto por la gente y valores \u00e9ticos.<\/p>\n<p>\u2022 Apoyo a la comunidad<br \/>\n\u2022 Cuidado al medio ambiente<br \/>\n\u2022 \u00c9tica<br \/>\n\u2022 Instituciones educativas[\/vc_column_text][\/vc_column][\/vc_row][vc_row full_width=&#8221;stretch_row&#8221; css=&#8221;.vc_custom_1637870116532{background-image: url(https:\/\/abitat.com.mx\/2022\/wp-content\/uploads\/2021\/10\/pixel-grid.png?id=2986) !important;background-position: 0 0 !important;background-repeat: repeat !important;}&#8221;][vc_column css_animation=&#8221;fadeInUp&#8221;][vc_empty_space][vc_tta_tour style=&#8221;modern&#8221; active_section=&#8221;1&#8243;][vc_tta_section title=&#8221;APOYO A LA COMUNIDAD&#8221; tab_id=&#8221;1645813180235-b3e7d446-3dc2&#8243;][vc_column_text]Tenemos el compromiso por impulsar el desarrollo comunitario, implementando proyectos a beneficio de grupos vulnerables. Dentro de los que se encuentran:<\/p>\n<ul>\n<li>Orfelinatos<\/li>\n<li>Asociaciones Civiles<\/li>\n<li>Instituciones Educativas<\/li>\n<\/ul>\n<p>[\/vc_column_text][\/vc_tta_section][vc_tta_section title=&#8221;CALIDAD DE VIDA EN LA EMPRESA&#8221; tab_id=&#8221;1645813180320-1ca4b04f-50af&#8221;][vc_column_text]Compromiso y acciones encaminadas a potenciar el desarrollo de sus colaboradores, en un entorno laboral que propicie su empoderamiento y la calidad de vida.<\/p>\n<ul>\n<li>Eventos<\/li>\n<li>Desarrollo profesional<\/li>\n<\/ul>\n<p>[\/vc_column_text][\/vc_tta_section][vc_tta_section title=&#8221;CUIDADO EN EL MEDIO AMBIENTE&#8221; tab_id=&#8221;1645813278161-f3386774-7444&#8243;][vc_column_text]Conscientes de la importancia de cuidar y preservar el medio ambiente, realizamos acciones que promueven y ayudan a generar beneficios para su cuidado.<\/p>\n<p>Un ejemplo es la campa\u00f1a mensual de reciclaje de PET, cart\u00f3n y aluminio, acci\u00f3n que adem\u00e1s del impacto ecol\u00f3gico que representa, hace posible con su entrega al Instituto Down de Chihuahua, A.C., la contribuci\u00f3n y apoyo para alumnos que reciben terapia de lenguaje, grupal, f\u00edsica, clases de danza y pintura.<\/p>\n<p>As\u00ed como acciones focalizadas en los proyectos activos en toda la rep\u00fablica.[\/vc_column_text][\/vc_tta_section][vc_tta_section title=&#8221;\u00c9TICA&#8221; tab_id=&#8221;1645813378830-e3348f68-2f33&#8243;][vc_column_text]Aseguramos la confiabilidad de nuestros servicios de construcci\u00f3n y nuestro sistema de calidad, definiendo la responsabilidad que compartimos para llevar a cabo de manera \u00e9tica y satisfactoria nuestras actividades de acuerdo a las leyes mexicanas y a las pol\u00edticas y procedimientos de la empresa. Lo anterior nos permite establecer las bases para una administraci\u00f3n basada en el marco \u00e9tico, generando un clima empresarial productivo, de convivencia pac\u00edfica, transparente y de respeto entre todos.<\/p>\n<p>Nuestros valores:<\/p>\n<ul>\n<li>Seguridad<\/li>\n<li>Congruencia<\/li>\n<li>Colaboraci\u00f3n<\/li>\n<li>Actitud de servicio<\/li>\n<li>Integridad<\/li>\n<li>Calidad<\/li>\n<\/ul>\n<p>Accountability[\/vc_column_text][\/vc_tta_section][\/vc_tta_tour][\/vc_column][\/vc_row][vc_row full_width=&#8221;stretch_row_content_no_spaces&#8221;][vc_column]<div class=\"mgt-cta-block clearfix white-text without-text wpb_content_element\" data-style=\"background: #eeeeee url(https:\/\/abitat.com.mx\/2022\/wp-content\/uploads\/2021\/11\/seguridad.jpg) no-repeat;\"><div class=\"mgt-button-wrapper mgt-button-wrapper-align-right mgt-button-wrapper-display-newline mgt-button-top-margin-disable\"><a class=\"btn hvr-bounce-to-right mgt-button mgt-style-solid mgt-size-normal mgt-align-right mgt-display-newline mgt-text-size-normal mgt-button-icon-position-left mgt-text-transform-none \" href=\"https:\/\/abitat.com.mx\/2022\/wp-content\/uploads\/2023\/01\/Codigo-de-Conducta-y-Etica-Profesional-ABITAT-SERMEP_v3.pdf\" target=\"_blank\">Descargar PDF<\/a><\/div><h5 class=\"mgt-cta-block-header\">Descarga nuestro c\u00f3digo de conducta<\/h5><\/div>[vc_empty_space][\/vc_column][\/vc_row][vc_row full_width=&#8221;stretch_row&#8221; parallax=&#8221;content-moving&#8221; css=&#8221;.vc_custom_1637872448518{background: #f7f7f7 url(https:\/\/abitat.com.mx\/2022\/wp-content\/uploads\/2021\/11\/como-parallax1.jpg?id=3781);}&#8221;][vc_column css_animation=&#8221;fadeInUp&#8221;][vc_empty_space][vc_column_text]<\/p>\n<h1 style=\"text-align: center;\"><strong><span style=\"color: #fff; font-size: 45px;\">Dec\u00e1logo de responsabilidad social<\/span><\/strong><\/h1>\n<p>[\/vc_column_text][vc_column_text css_animation=&#8221;slideInUp&#8221; el_class=&#8221;textjustw&#8221;]<\/p>\n<ol>\n<li>Fomentar una cultura de responsabilidad social encaminada al \u00e9xito de la empresa, contribuyendo al mismo tiempo al bienestar de las comunidades.<\/li>\n<li>Ser parte del crecimiento integral de las comunidades que nos rodean, invirtiendo tiempo, talento y recursos que est\u00e9n a nuestro alcance, en favor de las causas que apoyamos.<\/li>\n<li>Enaltecer nuestros valores, combatiendo interna y externamente pr\u00e1cticas de corrupci\u00f3n.<\/li>\n<li>Promover esquemas de liderazgo participativo, solidario, de servicio y respeto a la dignidad humana, apegados a nuestro c\u00f3digo de \u00e9tica.<\/li>\n<li>Impulsar el desarrollo humano y profesional de nuestros colaboradores y de sus familias.<\/li>\n<li>Identificar y apoyar causas sociales afines a la actividad que desarrollamos.<\/li>\n<li>Participar en alianzas intersectoriales con organizaciones de la sociedad civil y de gobierno que nos permitan atender las necesidades sociales de mayor importancia.<\/li>\n<li>Tomar en cuenta e involucrar a nuestros colaboradores, accionistas, proveedores y contratistas en los programas empresariales de inversi\u00f3n y desarrollo social.<\/li>\n<li>Respetar y preservar el entorno ecol\u00f3gico en todos y cada uno de nuestros procesos de operaci\u00f3n.<\/li>\n<li>Promover un ambiente de trabajo seguro con acciones preventivas que mantengan los lugares de trabajo seguros y saludables.<\/li>\n<\/ol>\n<p>[\/vc_column_text][\/vc_column][\/vc_row][vc_row css_animation=&#8221;none&#8221; css=&#8221;.vc_custom_1637868997407{background-image: url(https:\/\/abitat.com.mx\/2022\/wp-content\/uploads\/2021\/10\/pixel-grid.png?id=2986) !important;background-position: 0 0 !important;background-repeat: repeat !important;}&#8221;][vc_column css_animation=&#8221;fadeInUp&#8221;][vc_empty_space][vc_column_text]<\/p>\n<h1 style=\"text-align: center;\"><strong><span style=\"color: #aa202f; font-size: 45px;\">Comit\u00e9 de Responsabilidad Social<\/span><\/strong><\/h1>\n<p>[\/vc_column_text][vc_column_text css_animation=&#8221;slideInLeft&#8221; el_class=&#8221;textjust&#8221;]El trabajo de la responsabilidad social est\u00e1 basado en el inter\u00e9s, compromiso y participaci\u00f3n voluntaria por parte de colaboradores de todas las \u00e1reas quienes se postularon para poder formar parte del comit\u00e9 de responsabilidad social, ConstruiRSE, el cual coordina entre los departamentos las actividades de recolecci\u00f3n y altruismo bajo una gesti\u00f3n interna y de promoci\u00f3n entre los compa\u00f1eros.[\/vc_column_text][vc_empty_space][\/vc_column][\/vc_row][vc_row full_width=&#8221;stretch_row&#8221; css=&#8221;.vc_custom_1637872753165{background: #aa202f url(https:\/\/abitat.com.mx\/2022\/wp-content\/uploads\/2021\/10\/pixel-grid.png?id=2986) !important;background-position: 0 0 !important;background-repeat: repeat !important;}&#8221;][vc_column css_animation=&#8221;fadeInUp&#8221;][vc_empty_space][vc_column_text]<\/p>\n<h1 style=\"text-align: center;\"><strong><span style=\"color: #fff; font-size: 45px;\">Informes anuales<\/span><\/strong><\/h1>\n<p>[\/vc_column_text][vc_column_text css_animation=&#8221;slideInUp&#8221; el_class=&#8221;textjustw&#8221;]A continuaci\u00f3n, puedes encontrar los informes anuales de ESR publicados por la empresa en la que se resumen los impactos econ\u00f3micos, ambientales y sociales causados por sus actividades cotidianas. <strong>Descarga nuestros informes m\u00e1s recientes.<\/strong>[\/vc_column_text][vc_tta_accordion style=&#8221;outline&#8221; color=&#8221;white&#8221; active_section=&#8221;1&#8243; collapsible_all=&#8221;true&#8221;][vc_tta_section title=&#8221;2023&#8243; tab_id=&#8221;1671729607956-69d2fbda-24be&#8221;][vc_btn title=&#8221;Descargar Informe Abitat de 2023&#8243; style=&#8221;custom&#8221; custom_background=&#8221;#ffffff&#8221; custom_text=&#8221;#aa2131&#8243; size=&#8221;lg&#8221; align=&#8221;center&#8221; i_icon_fontawesome=&#8221;fas fa-paperclip&#8221; add_icon=&#8221;true&#8221; link=&#8221;url:https%3A%2F%2Fabitat.com.mx%2F2022%2Fwp-content%2Fuploads%2F2024%2F07%2FVF_INFORME-ESR-ABITAT-2023.pdf|title:Informe%20ESR%202023|target:_blank&#8221;][\/vc_tta_section][vc_tta_section title=&#8221;2022&#8243; tab_id=&#8221;1708645296225-999a4a23-11ad&#8221;][vc_btn title=&#8221;Descargar Informe Abitat de 2022&#8243; style=&#8221;custom&#8221; custom_background=&#8221;#ffffff&#8221; custom_text=&#8221;#aa2131&#8243; size=&#8221;lg&#8221; align=&#8221;center&#8221; i_icon_fontawesome=&#8221;fas fa-paperclip&#8221; add_icon=&#8221;true&#8221; link=&#8221;url:https%3A%2F%2Fabitat.com.mx%2F2022%2Fwp-content%2Fuploads%2F2023%2F01%2FINFORME-ABITAT_2022.pdf|title:Informe%20ESR%202022|target:_blank&#8221;][vc_btn title=&#8221;Descargar Informe Sermep de 2022&#8243; style=&#8221;custom&#8221; custom_background=&#8221;#ffffff&#8221; custom_text=&#8221;#aa2131&#8243; size=&#8221;lg&#8221; align=&#8221;center&#8221; i_icon_fontawesome=&#8221;fas fa-paperclip&#8221; add_icon=&#8221;true&#8221; link=&#8221;url:https%3A%2F%2Fabitat.com.mx%2F2022%2Fwp-content%2Fuploads%2F2023%2F01%2FINFORME-SERMEP-2022.pdf|title:Informe%20ESR%202022|target:_blank&#8221;][\/vc_tta_section][vc_tta_section title=&#8221;2021&#8243; tab_id=&#8221;1643827690004-8a818054-859c&#8221;][vc_btn title=&#8221;Descargar Informe de 2021&#8243; style=&#8221;custom&#8221; custom_background=&#8221;#ffffff&#8221; custom_text=&#8221;#aa2131&#8243; size=&#8221;lg&#8221; align=&#8221;center&#8221; i_icon_fontawesome=&#8221;fas fa-paperclip&#8221; add_icon=&#8221;true&#8221; link=&#8221;url:http%3A%2F%2Fgofile.me%2F5IWsb%2FNAQ41Ps8p|title:Informe%20ESR%202021|target:_blank&#8221;][\/vc_tta_section][vc_tta_section title=&#8221;2020&#8243; tab_id=&#8221;1643827443676-bd6310d5-aa8e&#8221;][vc_btn title=&#8221;Descargar Informe de 2020&#8243; style=&#8221;custom&#8221; custom_background=&#8221;#ffffff&#8221; custom_text=&#8221;#aa2131&#8243; size=&#8221;lg&#8221; align=&#8221;center&#8221; i_icon_fontawesome=&#8221;fas fa-paperclip&#8221; add_icon=&#8221;true&#8221; link=&#8221;url:http%3A%2F%2Fgofile.me%2F5IWsb%2FkQZJZoCOc|title:Informe%20ESR%202020|target:_blank&#8221;][\/vc_tta_section][vc_tta_section title=&#8221;2019&#8243; tab_id=&#8221;1643827443639-fcf3fa3d-1404&#8243;][vc_btn title=&#8221;Descargar Informe de 2019&#8243; style=&#8221;custom&#8221; custom_background=&#8221;#ffffff&#8221; custom_text=&#8221;#aa2131&#8243; size=&#8221;lg&#8221; align=&#8221;center&#8221; i_icon_fontawesome=&#8221;fas fa-paperclip&#8221; add_icon=&#8221;true&#8221; link=&#8221;url:https%3A%2F%2Fabitat.com.mx%2F2022%2Fwp-content%2Fuploads%2F2023%2F01%2FINFORME-ANUAL_2019.pdf|title:Informe%20ESR%202019|target:_blank&#8221;][\/vc_tta_section][\/vc_tta_accordion][vc_empty_space][\/vc_column][\/vc_row][vc_row full_width=&#8221;stretch_row_content_no_spaces&#8221; css=&#8221;.vc_custom_1643760361528{background-image: url(https:\/\/abitat.com.mx\/2022\/wp-content\/uploads\/2021\/10\/pixel-grid.png?id=2986) !important;background-position: 0 0 !important;background-repeat: repeat !important;}&#8221;][vc_column css_animation=&#8221;fadeInUp&#8221; width=&#8221;2\/3&#8243;][vc_empty_space height=&#8221;40px&#8221;][vc_column_text css_animation=&#8221;slideInUp&#8221;]<\/p>\n<h1 style=\"text-align: center;\"><strong><span style=\"color: #aa202f; font-size: 45px;\">SISTEMA \u00c9TICO<\/span><\/strong><\/h1>\n<p>[\/vc_column_text][vc_empty_space height=&#8221;64px&#8221;][vc_column_text css_animation=&#8221;slideInUp&#8221; css=&#8221;.vc_custom_1645813808368{margin-right: 40px !important;margin-left: 45px !important;border-right-width: 40px !important;border-left-width: 45px !important;padding-right: 40px !important;padding-left: 45px !important;}&#8221;]Nuestros valores constituyen una parte imprescindible de la cultura, por lo tanto, tomamos seriamente cualquier reporte acerca de pr\u00e1cticas ilegales o conductas inapropiadas dentro de la empresa, o nuestros proyectos. Es por eso que contamos con diversos canales para que nuestros colaboradores, contratistas y clientes puedan expresarnos sus quejas, denuncias y sugerencias.[\/vc_column_text][vc_empty_space][\/vc_column][vc_column css_animation=&#8221;slideInUp&#8221; width=&#8221;1\/3&#8243; css=&#8221;.vc_custom_1643843566551{background-color: #4b4e53 !important;}&#8221;][vc_row_inner css=&#8221;.vc_custom_1643822360957{padding-left: 100px !important;}&#8221;][vc_column_inner width=&#8221;1\/4&#8243;][vc_icon icon_fontawesome=&#8221;fab fa-whatsapp&#8221; color=&#8221;white&#8221; background_style=&#8221;rounded&#8221; background_color=&#8221;custom&#8221; size=&#8221;sm&#8221; align=&#8221;right&#8221; custom_background_color=&#8221;#aa202f&#8221;][\/vc_column_inner][vc_column_inner width=&#8221;3\/4&#8243;][vc_column_text]<strong style=\"color: #fff; font-size: 25px;\">614-302-3718<\/strong>[\/vc_column_text][\/vc_column_inner][\/vc_row_inner][vc_row_inner css=&#8221;.vc_custom_1643822432193{padding-left: 70px !important;}&#8221;][vc_column_inner width=&#8221;1\/4&#8243;][vc_icon icon_fontawesome=&#8221;far fa-envelope&#8221; color=&#8221;white&#8221; background_style=&#8221;rounded&#8221; background_color=&#8221;custom&#8221; size=&#8221;sm&#8221; align=&#8221;right&#8221; custom_background_color=&#8221;#aa202f&#8221;][\/vc_column_inner][vc_column_inner width=&#8221;3\/4&#8243;][vc_column_text]<strong style=\"color: #fff; font-size: 25px;\">etica@abitat.com.mx<\/strong>[\/vc_column_text][\/vc_column_inner][\/vc_row_inner][vc_row_inner][vc_column_inner width=&#8221;1\/3&#8243;][vc_column_text css=&#8221;.vc_custom_1643824546570{margin-bottom: 0px !important;padding-left: 15px !important;}&#8221;]<\/p>\n<p style=\"color: #fff; font-family: Cinzel; font-size: 25px;\">MI PORTAL<\/p>\n<p>[\/vc_column_text][\/vc_column_inner][vc_column_inner width=&#8221;2\/3&#8243;][vc_column_text css=&#8221;.vc_custom_1643824537485{margin-bottom: 0px !important;padding-left: 40px !important;}&#8221;]<strong style=\"color: #fff; font-size: 25px;\">Buz\u00f3n de comentarios<\/strong>[\/vc_column_text][\/vc_column_inner][\/vc_row_inner][vc_row_inner css=&#8221;.vc_custom_1643760140938{background-color: #ffffff !important;}&#8221;][vc_column_inner][vc_column_text]<\/p>\n<h1 style=\"text-align: center;\"><strong><span style=\"color: #aa202f; font-size: 30px;\">QUEJAS, DENUNCIAS O SUGERENCIAS<\/span><\/strong><\/h1>\n<p>[\/vc_column_text][vc_single_image image=&#8221;5878&#8243; img_size=&#8221;full&#8221; alignment=&#8221;center&#8221; css=&#8221;.vc_custom_1643822059693{margin-top: 0px !important;margin-bottom: 0px !important;border-top-width: 0px !important;border-bottom-width: 0px !important;padding-top: 0px !important;padding-bottom: 0px !important;}&#8221;][vc_single_image image=&#8221;2973&#8243; img_size=&#8221;medium&#8221; alignment=&#8221;center&#8221;][\/vc_column_inner][\/vc_row_inner][\/vc_column][\/vc_row]<\/p>\n","protected":false},"excerpt":{"rendered":"<p>[vc_row][vc_column css_animation=&#8221;fadeInUp&#8221;][vc_column_text] Creemos en las ventajas de tener un ambiente laboral de calidad, no solo afecta en la productividad si no que crea colaboradores satisfechos. Adem\u00e1s estamos comprometidos con el&#8230;<\/p>\n","protected":false},"author":5,"featured_media":0,"parent":0,"menu_order":0,"comment_status":"closed","ping_status":"closed","template":"","meta":{"_monsterinsights_skip_tracking":false,"_monsterinsights_sitenote_active":false,"_monsterinsights_sitenote_note":"","_monsterinsights_sitenote_category":0,"footnotes":""},"class_list":["post-1974","page","type-page","status-publish","hentry"],"_links":{"self":[{"href":"https:\/\/abitat.com.mx\/2022\/wp-json\/wp\/v2\/pages\/1974","targetHints":{"allow":["GET"]}}],"collection":[{"href":"https:\/\/abitat.com.mx\/2022\/wp-json\/wp\/v2\/pages"}],"about":[{"href":"https:\/\/abitat.com.mx\/2022\/wp-json\/wp\/v2\/types\/page"}],"author":[{"embeddable":true,"href":"https:\/\/abitat.com.mx\/2022\/wp-json\/wp\/v2\/users\/5"}],"replies":[{"embeddable":true,"href":"https:\/\/abitat.com.mx\/2022\/wp-json\/wp\/v2\/comments?post=1974"}],"version-history":[{"count":112,"href":"https:\/\/abitat.com.mx\/2022\/wp-json\/wp\/v2\/pages\/1974\/revisions"}],"predecessor-version":[{"id":8003,"href":"https:\/\/abitat.com.mx\/2022\/wp-json\/wp\/v2\/pages\/1974\/revisions\/8003"}],"wp:attachment":[{"href":"https:\/\/abitat.com.mx\/2022\/wp-json\/wp\/v2\/media?parent=1974"}],"curies":[{"name":"wp","href":"https:\/\/api.w.org\/{rel}","templated":true}]}}